{"id":76954,"date":"2025-03-05T09:45:54","date_gmt":"2025-03-05T08:45:54","guid":{"rendered":"https:\/\/www.immensive.com\/?post_type=portfolio&#038;p=76954"},"modified":"2025-10-28T15:46:48","modified_gmt":"2025-10-28T14:46:48","slug":"snm-enfance-placee","status":"publish","type":"portfolio","link":"https:\/\/www.immensive.com\/fr\/immensive-portfolio\/snm-enfance-placee\/","title":{"rendered":"Mus\u00e9e National Suisse \u2013 Exp\u00e9riences de la Suisse: Enfance plac\u00e9e"},"content":{"rendered":"<div class=\"wpb-content-wrapper\"><p>[vc_row row_height_percent=\u00a0\u00bb0&Prime; override_padding=\u00a0\u00bbyes\u00a0\u00bb h_padding=\u00a0\u00bb0&Prime; top_padding=\u00a0\u00bb0&Prime; bottom_padding=\u00a0\u00bb0&Prime; back_color=\u00a0\u00bbcolor-206537&Prime; back_image=\u00a0\u00bb76675&Prime; back_repeat=\u00a0\u00bbno-repeat\u00a0\u00bb back_attachment=\u00a0\u00bbfixed\u00a0\u00bb back_position=\u00a0\u00bbcenter center\u00a0\u00bb parallax=\u00a0\u00bbyes\u00a0\u00bb overlay_alpha=\u00a0\u00bb50&Prime; equal_height=\u00a0\u00bbyes\u00a0\u00bb gutter_size=\u00a0\u00bb3&Prime; column_width_percent=\u00a0\u00bb100&Prime; shift_y=\u00a0\u00bb0&Prime; z_index=\u00a0\u00bb0&Prime; content_parallax=\u00a0\u00bb0&Prime; row_height_pixel=\u00a0\u00bb400&Prime; back_size=\u00a0\u00bbcover\u00a0\u00bb uncode_shortcode_id=\u00a0\u00bb646132&Prime; back_color_type=\u00a0\u00bbuncode-palette\u00a0\u00bb][vc_column column_width_percent=\u00a0\u00bb100&Prime; position_vertical=\u00a0\u00bbbottom\u00a0\u00bb align_horizontal=\u00a0\u00bbalign_center\u00a0\u00bb gutter_size=\u00a0\u00bb3&Prime; override_padding=\u00a0\u00bbyes\u00a0\u00bb column_padding=\u00a0\u00bb2&Prime; style=\u00a0\u00bbdark\u00a0\u00bb overlay_alpha=\u00a0\u00bb50&Prime; shift_x=\u00a0\u00bb0&Prime; shift_y=\u00a0\u00bb0&Prime; shift_y_down=\u00a0\u00bb0&Prime; z_index=\u00a0\u00bb0&Prime; medium_width=\u00a0\u00bb0&Prime; mobile_width=\u00a0\u00bb0&Prime; width=\u00a0\u00bb1\/1&Prime; css=\u00a0\u00bb.vc_custom_1519947016391{padding-bottom: 30px !important;}\u00a0\u00bb][vc_column_text css_animation=\u00a0\u00bbzoom-out\u00a0\u00bb uncode_shortcode_id=\u00a0\u00bb154051&Prime;]<\/p>\n<p style=\"font-size: 40px; line-height: 44px; font-weight: bold; font-family: Quicksand; text-align: center;\">Mus\u00e9e National Suisse<\/p>\n<p style=\"font-size: 40px; line-height: 44px; font-weight: bold; font-family: Quicksand; text-align: center;\">Exp\u00e9riences de la Suisse: Enfance plac\u00e9e<\/p>\n<p>[\/vc_column_text][vc_empty_space empty_h=\u00a0\u00bb0&Prime;][\/vc_column][\/vc_row][vc_row][vc_column width=\u00a0\u00bb1\/4&Prime;][vc_column_text uncode_shortcode_id=\u00a0\u00bb317798&Prime; css=\u00a0\u00bb.vc_custom_1761661345451{padding-top: 0px !important;}\u00a0\u00bb]<\/p>\n<h4 style=\"font-family: quicksand;\">Client<\/h4>\n<p><a href=\"https:\/\/www.landesmuseum.ch\/fr\/expositions\/temporaire\/2025\/enfance-placee\/enfance-placee\" target=\"_blank\" rel=\"noopener\">Mus\u00e9e National Suisse<\/a>[\/vc_column_text][\/vc_column][vc_column width=\u00a0\u00bb1\/4&Prime;][vc_column_text css=\u00a0\u00bb.vc_custom_1761661360399{padding-top: 0px !important;}\u00a0\u00bb uncode_shortcode_id=\u00a0\u00bb159027&Prime;]<\/p>\n<h4 style=\"font-family: quicksand;\">Introduction<\/h4>\n<p>2024[\/vc_column_text][\/vc_column][vc_column width=\u00a0\u00bb1\/4&Prime;][vc_column_text uncode_shortcode_id=\u00a0\u00bb271529&Prime; css=\u00a0\u00bb.vc_custom_1761661379139{padding-top: 0px !important;}\u00a0\u00bb]<\/p>\n<h4 style=\"font-family: quicksand;\">R\u00e9alisations<\/h4>\n<p>Conception et mise en \u0153uvre de l\u2019application multitouch, traitement visuel de l\u2019ensemble du contenu, gestion du contenu[\/vc_column_text][\/vc_column][vc_column width=\u00a0\u00bb1\/4&Prime;][vc_column_text uncode_shortcode_id=\u00a0\u00bb363979&Prime; css=\u00a0\u00bb.vc_custom_1761661389593{padding-top: 0px !important;}\u00a0\u00bb]<\/p>\n<h4 style=\"font-family: quicksand;\">En collaboration avec<\/h4>\n<p><a href=\"https:\/\/office104.ch\/\" target=\"_blank\" rel=\"noopener\">Office 104<\/a>[\/vc_column_text][\/vc_column][\/vc_row][vc_row row_height_percent=\u00a0\u00bb0&Prime; overlay_alpha=\u00a0\u00bb50&Prime; gutter_size=\u00a0\u00bb3&Prime; column_width_percent=\u00a0\u00bb100&Prime; shift_y=\u00a0\u00bb0&Prime; z_index=\u00a0\u00bb0&Prime; content_parallax=\u00a0\u00bb0&Prime; uncode_shortcode_id=\u00a0\u00bb115974&Prime; back_color_type=\u00a0\u00bbuncode-solid\u00a0\u00bb back_color_solid=\u00a0\u00bbrgba(35,34,34,0.04)\u00a0\u00bb][vc_column width=\u00a0\u00bb1\/1&Prime;][vc_column_text text_lead=\u00a0\u00bbyes\u00a0\u00bb uncode_shortcode_id=\u00a0\u00bb769390&Prime;]<\/p>\n<h3 style=\"font-family: quicksand;\">Mus\u00e9e national suisse &#8211; Exp\u00e9riences Suisse : Enfance plac\u00e9e<\/h3>\n<p>L\u2019installation vid\u00e9o<em data-start=\"207\" data-end=\"245\"> Exp\u00e9riences en Suisse : Enfance plac\u00e9e<\/em>, pr\u00e9sent\u00e9e par le Mus\u00e9e national suisse, met en lumi\u00e8re un chapitre sensible de l\u2019histoire suisse. Jusqu\u2019aux ann\u00e9es 1980, des centaines de milliers d\u2019adultes et d\u2019enfants (source : <g id=\"gid_1\">Office f\u00e9d\u00e9ral de la justice<\/g>) ont \u00e9t\u00e9 arrach\u00e9s \u00e0 leurs familles et plac\u00e9s dans des institutions ou des foyers d\u2019accueil, o\u00f9 beaucoup ont subi des mauvais traitements. L\u2019exposition met en avant les t\u00e9moignages poignants des personnes concern\u00e9es et invite les visiteurs \u00e0 r\u00e9fl\u00e9chir aux cons\u00e9quences de ces mesures forc\u00e9es.[\/vc_column_text][vc_row_inner][vc_column_inner width=\u00a0\u00bb2\/3&Prime;][vc_column_text text_lead=\u00a0\u00bbyes\u00a0\u00bb uncode_shortcode_id=\u00a0\u00bb181311&Prime;]<\/p>\n<h3 style=\"font-family: quicksand;\">Mise en oeuvre<\/h3>\n<p>Nous avons d\u00e9velopp\u00e9 une application interactive multilingue affich\u00e9e sur deux tables tactiles de 65 pouces. Cette application permet aux visiteurs d&rsquo;explorer le contenu de l&rsquo;exposition gr\u00e2ce \u00e0 une interface utilisateur intuitive. Elle pr\u00e9sente des t\u00e9moignages personnels de t\u00e9moins oculaires, des photographies d\u2019archives, des articles de journaux d\u2019\u00e9poque, enrichis de courts textes offrant une immersion approfondie dans le sujet.[\/vc_column_text][vc_column_text text_lead=\u00a0\u00bbyes\u00a0\u00bb uncode_shortcode_id=\u00a0\u00bb236902&Prime;]Un total de dix domaines th\u00e9matiques sont disponibles pour une exploration approfondie : [ D\u00e9fi ], [ Critique et renouveau ], [ Analyse critique ], [ Cons\u00e9quences ], [ Chiffres ], [ T\u00e9moins victimes de placements familiaux ], [ Comment cela est-il arriv\u00e9 ? ], [ Le quotidien ], [ O\u00f9 en sommes-nous aujourd&rsquo;hui ? ] et [ Vous aussi ? ].[\/vc_column_text][vc_column_text text_lead=\u00a0\u00bbyes\u00a0\u00bb uncode_shortcode_id=\u00a0\u00bb144242&Prime;]Tout le contenu est pr\u00e9sent\u00e9 en quatre langues (allemand, fran\u00e7ais, italien et anglais), et les utilisateurs peuvent changer de langue \u00e0 tout moment. De cette fa\u00e7on, de nombreux visiteurs peuvent partager l\u2019exp\u00e9rience simultan\u00e9ment, m\u00eame s\u2019ils parlent des langues diff\u00e9rentes.[\/vc_column_text][\/vc_column_inner][vc_column_inner width=\u00a0\u00bb1\/3&Prime;][vc_single_image media=\u00a0\u00bb145199&Prime; media_width_percent=\u00a0\u00bb100&Prime; uncode_shortcode_id=\u00a0\u00bb386430&Prime;][vc_single_image media=\u00a0\u00bb145202&Prime; media_width_percent=\u00a0\u00bb100&Prime; uncode_shortcode_id=\u00a0\u00bb661434&Prime;][vc_single_image media=\u00a0\u00bb145196&Prime; media_width_percent=\u00a0\u00bb100&Prime; uncode_shortcode_id=\u00a0\u00bb182678&Prime;][\/vc_column_inner][\/vc_row_inner][\/vc_column][\/vc_row][vc_row unlock_row_content=\u00a0\u00bbyes\u00a0\u00bb row_height_percent=\u00a0\u00bb0&Prime; override_padding=\u00a0\u00bbyes\u00a0\u00bb h_padding=\u00a0\u00bb2&Prime; top_padding=\u00a0\u00bb2&Prime; bottom_padding=\u00a0\u00bb0&Prime; overlay_alpha=\u00a0\u00bb50&Prime; gutter_size=\u00a0\u00bb3&Prime; column_width_percent=\u00a0\u00bb100&Prime; shift_y=\u00a0\u00bb0&Prime; z_index=\u00a0\u00bb0&Prime; uncode_shortcode_id=\u00a0\u00bb926743&Prime;][vc_column width=\u00a0\u00bb1\/1&Prime;][vc_gallery el_id=\u00a0\u00bbgallery-112493&Prime; type=\u00a0\u00bbcarousel\u00a0\u00bb medias=\u00a0\u00bb145208,145199,145205,145196,145202&Prime; carousel_lg=\u00a0\u00bb3&Prime; carousel_md=\u00a0\u00bb2&Prime; carousel_sm=\u00a0\u00bb1&Prime; thumb_size=\u00a0\u00bbsixteen-nine\u00a0\u00bb gutter_size=\u00a0\u00bb3&Prime; media_items=\u00a0\u00bbmedia|lightbox|original\u00a0\u00bb carousel_height=\u00a0\u00bbequal\u00a0\u00bb carousel_interval=\u00a0\u00bb5000&Prime; carousel_navspeed=\u00a0\u00bb1000&Prime; carousel_loop=\u00a0\u00bbyes\u00a0\u00bb carousel_nav=\u00a0\u00bbyes\u00a0\u00bb stage_padding=\u00a0\u00bb0&Prime; single_overlay_opacity=\u00a0\u00bb50&Prime; single_padding=\u00a0\u00bb2&Prime; single_border=\u00a0\u00bbyes\u00a0\u00bb title=\u00a0\u00bbGalerie\u00a0\u00bb uncode_shortcode_id=\u00a0\u00bb172594&Prime;][vc_empty_space empty_h=\u00a0\u00bb2&Prime;][\/vc_column][\/vc_row]<\/p>\n<\/div>","protected":false},"excerpt":{"rendered":"<p>[vc_row row_height_percent=\u00a0\u00bb0&Prime; override_padding=\u00a0\u00bbyes\u00a0\u00bb h_padding=\u00a0\u00bb0&Prime; top_padding=\u00a0\u00bb0&Prime; bottom_padding=\u00a0\u00bb0&Prime; back_color=\u00a0\u00bbcolor-206537&Prime; back_image=\u00a0\u00bb76675&Prime; back_repeat=\u00a0\u00bbno-repeat\u00a0\u00bb back_attachment=\u00a0\u00bbfixed\u00a0\u00bb back_position=\u00a0\u00bbcenter center\u00a0\u00bb parallax=\u00a0\u00bbyes\u00a0\u00bb overlay_alpha=\u00a0\u00bb50&Prime; equal_height=\u00a0\u00bbyes\u00a0\u00bb gutter_size=\u00a0\u00bb3&Prime; column_width_percent=\u00a0\u00bb100&Prime; shift_y=\u00a0\u00bb0&Prime; z_index=\u00a0\u00bb0&Prime; content_parallax=\u00a0\u00bb0&Prime; [&hellip;]<\/p>\n","protected":false},"author":10,"featured_media":147516,"parent":0,"menu_order":0,"comment_status":"closed","ping_status":"closed","template":"","meta":{"footnotes":""},"portfolio_category":[142,275],"class_list":["post-76954","portfolio","type-portfolio","status-publish","has-post-thumbnail","hentry","portfolio_category-popupexperience-fr","portfolio_category-musees-fr"],"yoast_head":"<!-- This site is optimized with the Yoast SEO plugin v27.5 - https:\/\/yoast.com\/product\/yoast-seo-wordpress\/ -->\n<title>Application interactive \u2013 Exp\u00e9riences Suisse : Enfance plac\u00e9e<\/title>\n<meta name=\"description\" content=\"Explorez Exp\u00e9riences Suisse : Enfance plac\u00e9e au Swiss National Museum via une application interactive multilingue sur \u00e9cran tactile.\" \/>\n<meta name=\"robots\" content=\"index, follow, max-snippet:-1, max-image-preview:large, max-video-preview:-1\" \/>\n<link rel=\"canonical\" href=\"https:\/\/www.immensive.com\/fr\/immensive-portfolio\/snm-enfance-placee\/\" \/>\n<meta property=\"og:locale\" content=\"fr_FR\" \/>\n<meta property=\"og:type\" content=\"article\" \/>\n<meta property=\"og:title\" content=\"Application interactive \u2013 Exp\u00e9riences Suisse : Enfance plac\u00e9e\" \/>\n<meta property=\"og:description\" content=\"Explorez Exp\u00e9riences Suisse : Enfance plac\u00e9e au Swiss National Museum via une application interactive multilingue sur \u00e9cran tactile.\" \/>\n<meta property=\"og:url\" content=\"https:\/\/www.immensive.com\/fr\/immensive-portfolio\/snm-enfance-placee\/\" \/>\n<meta property=\"og:site_name\" content=\"Immensive\" \/>\n<meta property=\"article:publisher\" content=\"https:\/\/www.facebook.com\/Immensive\" \/>\n<meta property=\"article:modified_time\" content=\"2025-10-28T14:46:48+00:00\" \/>\n<meta property=\"og:image\" content=\"https:\/\/www.immensive.com\/wp-content\/uploads\/2025\/03\/Forced_Fostering-1.jpg\" \/>\n\t<meta property=\"og:image:width\" content=\"1024\" \/>\n\t<meta property=\"og:image:height\" content=\"573\" \/>\n\t<meta property=\"og:image:type\" content=\"image\/jpeg\" \/>\n<meta name=\"twitter:card\" content=\"summary_large_image\" \/>\n<meta name=\"twitter:site\" content=\"@immensive_sa\" \/>\n<meta name=\"twitter:label1\" content=\"Dur\u00e9e de lecture estim\u00e9e\" \/>\n\t<meta name=\"twitter:data1\" content=\"3 minutes\" \/>\n<script type=\"application\/ld+json\" class=\"yoast-schema-graph\">{\"@context\":\"https:\\\/\\\/schema.org\",\"@graph\":[{\"@type\":\"WebPage\",\"@id\":\"https:\\\/\\\/www.immensive.com\\\/fr\\\/immensive-portfolio\\\/snm-enfance-placee\\\/\",\"url\":\"https:\\\/\\\/www.immensive.com\\\/fr\\\/immensive-portfolio\\\/snm-enfance-placee\\\/\",\"name\":\"Application interactive \u2013 Exp\u00e9riences Suisse : Enfance plac\u00e9e\",\"isPartOf\":{\"@id\":\"https:\\\/\\\/www.immensive.com\\\/fr\\\/#website\"},\"primaryImageOfPage\":{\"@id\":\"https:\\\/\\\/www.immensive.com\\\/fr\\\/immensive-portfolio\\\/snm-enfance-placee\\\/#primaryimage\"},\"image\":{\"@id\":\"https:\\\/\\\/www.immensive.com\\\/fr\\\/immensive-portfolio\\\/snm-enfance-placee\\\/#primaryimage\"},\"thumbnailUrl\":\"https:\\\/\\\/www.immensive.com\\\/wp-content\\\/uploads\\\/2025\\\/03\\\/Forced_Fostering-1.jpg\",\"datePublished\":\"2025-03-05T08:45:54+00:00\",\"dateModified\":\"2025-10-28T14:46:48+00:00\",\"description\":\"Explorez Exp\u00e9riences Suisse : Enfance plac\u00e9e au Swiss National Museum via une application interactive multilingue sur \u00e9cran tactile.\",\"breadcrumb\":{\"@id\":\"https:\\\/\\\/www.immensive.com\\\/fr\\\/immensive-portfolio\\\/snm-enfance-placee\\\/#breadcrumb\"},\"inLanguage\":\"fr-FR\",\"potentialAction\":[{\"@type\":\"ReadAction\",\"target\":[\"https:\\\/\\\/www.immensive.com\\\/fr\\\/immensive-portfolio\\\/snm-enfance-placee\\\/\"]}]},{\"@type\":\"ImageObject\",\"inLanguage\":\"fr-FR\",\"@id\":\"https:\\\/\\\/www.immensive.com\\\/fr\\\/immensive-portfolio\\\/snm-enfance-placee\\\/#primaryimage\",\"url\":\"https:\\\/\\\/www.immensive.com\\\/wp-content\\\/uploads\\\/2025\\\/03\\\/Forced_Fostering-1.jpg\",\"contentUrl\":\"https:\\\/\\\/www.immensive.com\\\/wp-content\\\/uploads\\\/2025\\\/03\\\/Forced_Fostering-1.jpg\",\"width\":1024,\"height\":573},{\"@type\":\"BreadcrumbList\",\"@id\":\"https:\\\/\\\/www.immensive.com\\\/fr\\\/immensive-portfolio\\\/snm-enfance-placee\\\/#breadcrumb\",\"itemListElement\":[{\"@type\":\"ListItem\",\"position\":1,\"name\":\"Home\",\"item\":\"https:\\\/\\\/www.immensive.com\\\/fr\\\/\"},{\"@type\":\"ListItem\",\"position\":2,\"name\":\"Portfolio\",\"item\":\"https:\\\/\\\/www.immensive.com\\\/fr\\\/immensive-portfolio\\\/\"},{\"@type\":\"ListItem\",\"position\":3,\"name\":\"Mus\u00e9e National Suisse \u2013 Exp\u00e9riences de la Suisse: Enfance plac\u00e9e\"}]},{\"@type\":\"WebSite\",\"@id\":\"https:\\\/\\\/www.immensive.com\\\/fr\\\/#website\",\"url\":\"https:\\\/\\\/www.immensive.com\\\/fr\\\/\",\"name\":\"Immensive\",\"description\":\"Interactive Solutions and Corporate Metaverse\",\"publisher\":{\"@id\":\"https:\\\/\\\/www.immensive.com\\\/fr\\\/#organization\"},\"potentialAction\":[{\"@type\":\"SearchAction\",\"target\":{\"@type\":\"EntryPoint\",\"urlTemplate\":\"https:\\\/\\\/www.immensive.com\\\/fr\\\/?s={search_term_string}\"},\"query-input\":{\"@type\":\"PropertyValueSpecification\",\"valueRequired\":true,\"valueName\":\"search_term_string\"}}],\"inLanguage\":\"fr-FR\"},{\"@type\":\"Organization\",\"@id\":\"https:\\\/\\\/www.immensive.com\\\/fr\\\/#organization\",\"name\":\"Immensive SA\",\"url\":\"https:\\\/\\\/www.immensive.com\\\/fr\\\/\",\"logo\":{\"@type\":\"ImageObject\",\"inLanguage\":\"fr-FR\",\"@id\":\"https:\\\/\\\/www.immensive.com\\\/fr\\\/#\\\/schema\\\/logo\\\/image\\\/\",\"url\":\"https:\\\/\\\/www.immensive.com\\\/wp-content\\\/uploads\\\/2024\\\/10\\\/Logo_Standard_Web-1.png\",\"contentUrl\":\"https:\\\/\\\/www.immensive.com\\\/wp-content\\\/uploads\\\/2024\\\/10\\\/Logo_Standard_Web-1.png\",\"width\":982,\"height\":296,\"caption\":\"Immensive SA\"},\"image\":{\"@id\":\"https:\\\/\\\/www.immensive.com\\\/fr\\\/#\\\/schema\\\/logo\\\/image\\\/\"},\"sameAs\":[\"https:\\\/\\\/www.facebook.com\\\/Immensive\",\"https:\\\/\\\/x.com\\\/immensive_sa\",\"https:\\\/\\\/www.instagram.com\\\/immensive\\\/\",\"https:\\\/\\\/www.linkedin.com\\\/company\\\/immensive_sa\",\"https:\\\/\\\/www.youtube.com\\\/channel\\\/UCQh4ErJgBoTQ9p2b4F0QmZg\"]}]}<\/script>\n<!-- \/ Yoast SEO plugin. -->","yoast_head_json":{"title":"Application interactive \u2013 Exp\u00e9riences Suisse : Enfance plac\u00e9e","description":"Explorez Exp\u00e9riences Suisse : Enfance plac\u00e9e au Swiss National Museum via une application interactive multilingue sur \u00e9cran tactile.","robots":{"index":"index","follow":"follow","max-snippet":"max-snippet:-1","max-image-preview":"max-image-preview:large","max-video-preview":"max-video-preview:-1"},"canonical":"https:\/\/www.immensive.com\/fr\/immensive-portfolio\/snm-enfance-placee\/","og_locale":"fr_FR","og_type":"article","og_title":"Application interactive \u2013 Exp\u00e9riences Suisse : Enfance plac\u00e9e","og_description":"Explorez Exp\u00e9riences Suisse : Enfance plac\u00e9e au Swiss National Museum via une application interactive multilingue sur \u00e9cran tactile.","og_url":"https:\/\/www.immensive.com\/fr\/immensive-portfolio\/snm-enfance-placee\/","og_site_name":"Immensive","article_publisher":"https:\/\/www.facebook.com\/Immensive","article_modified_time":"2025-10-28T14:46:48+00:00","og_image":[{"width":1024,"height":573,"url":"https:\/\/www.immensive.com\/wp-content\/uploads\/2025\/03\/Forced_Fostering-1.jpg","type":"image\/jpeg"}],"twitter_card":"summary_large_image","twitter_site":"@immensive_sa","twitter_misc":{"Dur\u00e9e de lecture estim\u00e9e":"3 minutes"},"schema":{"@context":"https:\/\/schema.org","@graph":[{"@type":"WebPage","@id":"https:\/\/www.immensive.com\/fr\/immensive-portfolio\/snm-enfance-placee\/","url":"https:\/\/www.immensive.com\/fr\/immensive-portfolio\/snm-enfance-placee\/","name":"Application interactive \u2013 Exp\u00e9riences Suisse : Enfance plac\u00e9e","isPartOf":{"@id":"https:\/\/www.immensive.com\/fr\/#website"},"primaryImageOfPage":{"@id":"https:\/\/www.immensive.com\/fr\/immensive-portfolio\/snm-enfance-placee\/#primaryimage"},"image":{"@id":"https:\/\/www.immensive.com\/fr\/immensive-portfolio\/snm-enfance-placee\/#primaryimage"},"thumbnailUrl":"https:\/\/www.immensive.com\/wp-content\/uploads\/2025\/03\/Forced_Fostering-1.jpg","datePublished":"2025-03-05T08:45:54+00:00","dateModified":"2025-10-28T14:46:48+00:00","description":"Explorez Exp\u00e9riences Suisse : Enfance plac\u00e9e au Swiss National Museum via une application interactive multilingue sur \u00e9cran tactile.","breadcrumb":{"@id":"https:\/\/www.immensive.com\/fr\/immensive-portfolio\/snm-enfance-placee\/#breadcrumb"},"inLanguage":"fr-FR","potentialAction":[{"@type":"ReadAction","target":["https:\/\/www.immensive.com\/fr\/immensive-portfolio\/snm-enfance-placee\/"]}]},{"@type":"ImageObject","inLanguage":"fr-FR","@id":"https:\/\/www.immensive.com\/fr\/immensive-portfolio\/snm-enfance-placee\/#primaryimage","url":"https:\/\/www.immensive.com\/wp-content\/uploads\/2025\/03\/Forced_Fostering-1.jpg","contentUrl":"https:\/\/www.immensive.com\/wp-content\/uploads\/2025\/03\/Forced_Fostering-1.jpg","width":1024,"height":573},{"@type":"BreadcrumbList","@id":"https:\/\/www.immensive.com\/fr\/immensive-portfolio\/snm-enfance-placee\/#breadcrumb","itemListElement":[{"@type":"ListItem","position":1,"name":"Home","item":"https:\/\/www.immensive.com\/fr\/"},{"@type":"ListItem","position":2,"name":"Portfolio","item":"https:\/\/www.immensive.com\/fr\/immensive-portfolio\/"},{"@type":"ListItem","position":3,"name":"Mus\u00e9e National Suisse \u2013 Exp\u00e9riences de la Suisse: Enfance plac\u00e9e"}]},{"@type":"WebSite","@id":"https:\/\/www.immensive.com\/fr\/#website","url":"https:\/\/www.immensive.com\/fr\/","name":"Immensive","description":"Interactive Solutions and Corporate Metaverse","publisher":{"@id":"https:\/\/www.immensive.com\/fr\/#organization"},"potentialAction":[{"@type":"SearchAction","target":{"@type":"EntryPoint","urlTemplate":"https:\/\/www.immensive.com\/fr\/?s={search_term_string}"},"query-input":{"@type":"PropertyValueSpecification","valueRequired":true,"valueName":"search_term_string"}}],"inLanguage":"fr-FR"},{"@type":"Organization","@id":"https:\/\/www.immensive.com\/fr\/#organization","name":"Immensive SA","url":"https:\/\/www.immensive.com\/fr\/","logo":{"@type":"ImageObject","inLanguage":"fr-FR","@id":"https:\/\/www.immensive.com\/fr\/#\/schema\/logo\/image\/","url":"https:\/\/www.immensive.com\/wp-content\/uploads\/2024\/10\/Logo_Standard_Web-1.png","contentUrl":"https:\/\/www.immensive.com\/wp-content\/uploads\/2024\/10\/Logo_Standard_Web-1.png","width":982,"height":296,"caption":"Immensive SA"},"image":{"@id":"https:\/\/www.immensive.com\/fr\/#\/schema\/logo\/image\/"},"sameAs":["https:\/\/www.facebook.com\/Immensive","https:\/\/x.com\/immensive_sa","https:\/\/www.instagram.com\/immensive\/","https:\/\/www.linkedin.com\/company\/immensive_sa","https:\/\/www.youtube.com\/channel\/UCQh4ErJgBoTQ9p2b4F0QmZg"]}]}},"_links":{"self":[{"href":"https:\/\/www.immensive.com\/fr\/wp-json\/wp\/v2\/portfolio\/76954","targetHints":{"allow":["GET"]}}],"collection":[{"href":"https:\/\/www.immensive.com\/fr\/wp-json\/wp\/v2\/portfolio"}],"about":[{"href":"https:\/\/www.immensive.com\/fr\/wp-json\/wp\/v2\/types\/portfolio"}],"author":[{"embeddable":true,"href":"https:\/\/www.immensive.com\/fr\/wp-json\/wp\/v2\/users\/10"}],"replies":[{"embeddable":true,"href":"https:\/\/www.immensive.com\/fr\/wp-json\/wp\/v2\/comments?post=76954"}],"version-history":[{"count":70,"href":"https:\/\/www.immensive.com\/fr\/wp-json\/wp\/v2\/portfolio\/76954\/revisions"}],"predecessor-version":[{"id":148098,"href":"https:\/\/www.immensive.com\/fr\/wp-json\/wp\/v2\/portfolio\/76954\/revisions\/148098"}],"wp:featuredmedia":[{"embeddable":true,"href":"https:\/\/www.immensive.com\/fr\/wp-json\/wp\/v2\/media\/147516"}],"wp:attachment":[{"href":"https:\/\/www.immensive.com\/fr\/wp-json\/wp\/v2\/media?parent=76954"}],"wp:term":[{"taxonomy":"portfolio_category","embeddable":true,"href":"https:\/\/www.immensive.com\/fr\/wp-json\/wp\/v2\/portfolio_category?post=76954"}],"curies":[{"name":"wp","href":"https:\/\/api.w.org\/{rel}","templated":true}]}}