{"id":75595,"date":"2019-12-05T13:44:03","date_gmt":"2019-12-05T12:44:03","guid":{"rendered":"https:\/\/l2567pblzpn.preview.infomaniak.website\/portfolio\/krieg-und-frieden-fondation-bodmer\/"},"modified":"2024-11-26T10:43:40","modified_gmt":"2024-11-26T09:43:40","slug":"krieg-und-frieden-fondation-bodmer","status":"publish","type":"portfolio","link":"https:\/\/www.immensive.com\/de\/immensive-portfolio\/krieg-und-frieden-fondation-bodmer\/","title":{"rendered":"Krieg und Frieden &#8211; Fondation Bodmer"},"content":{"rendered":"<div class=\"wpb-content-wrapper\"><p>[vc_row row_height_percent=&#8220;0&#8243; override_padding=&#8220;yes&#8220; h_padding=&#8220;0&#8243; top_padding=&#8220;0&#8243; bottom_padding=&#8220;0&#8243; back_color=&#8220;color-206537&#8243; back_image=&#8220;66887&#8243; back_repeat=&#8220;repeat-x&#8220; back_attachment=&#8220;inherit&#8220; back_position=&#8220;center bottom&#8220; overlay_alpha=&#8220;50&#8243; equal_height=&#8220;yes&#8220; gutter_size=&#8220;3&#8243; column_width_percent=&#8220;100&#8243; shift_y=&#8220;0&#8243; z_index=&#8220;0&#8243; row_height_pixel=&#8220;120&#8243; back_size=&#8220;auto&#8220;][vc_column column_width_percent=&#8220;100&#8243; position_vertical=&#8220;bottom&#8220; align_horizontal=&#8220;align_center&#8220; gutter_size=&#8220;3&#8243; override_padding=&#8220;yes&#8220; column_padding=&#8220;2&#8243; style=&#8220;dark&#8220; overlay_alpha=&#8220;50&#8243; shift_x=&#8220;0&#8243; shift_y=&#8220;0&#8243; shift_y_down=&#8220;0&#8243; z_index=&#8220;0&#8243; medium_width=&#8220;0&#8243; mobile_width=&#8220;0&#8243; width=&#8220;1\/1&#8243; css=&#8220;.vc_custom_1519947016391{padding-bottom: 30px !important;}&#8220;][vc_column_text css_animation=&#8220;zoom-out&#8220;]<\/p>\n<p style=\"font-size: 40px; line-height: 44px; font-weight: bold; font-family: Quicksand; text-align: center;\">Krieg und Frieden<\/p>\n<p>[\/vc_column_text][vc_empty_space empty_h=&#8220;1&#8243;][\/vc_column][\/vc_row][vc_row row_height_percent=&#8220;0&#8243; override_padding=&#8220;yes&#8220; h_padding=&#8220;2&#8243; top_padding=&#8220;0&#8243; bottom_padding=&#8220;0&#8243; back_color=&#8220;color-gyho&#8220; overlay_alpha=&#8220;50&#8243; gutter_size=&#8220;3&#8243; column_width_percent=&#8220;100&#8243; shift_y=&#8220;0&#8243; z_index=&#8220;0&#8243; desktop_visibility=&#8220;yes&#8220; medium_visibility=&#8220;yes&#8220; mobile_visibility=&#8220;yes&#8220; inverted_device_order=&#8220;yes&#8220; css=&#8220;.vc_custom_1584611924378{padding-top: 8px !important;padding-bottom: 8px !important;}&#8220;][vc_column width=&#8220;1\/1&#8243;][uncode_info_box items=&#8220;Categories,Date&#8220; text_font=&#8220;font-129489&#8243; text_size=&#8220;h6&#8243; text_weight=&#8220;500&#8243; separator=&#8220;bullet&#8220;][\/vc_column][\/vc_row][vc_row unlock_row_content=&#8220;yes&#8220; row_height_percent=&#8220;0&#8243; override_padding=&#8220;yes&#8220; h_padding=&#8220;2&#8243; top_padding=&#8220;2&#8243; bottom_padding=&#8220;0&#8243; overlay_alpha=&#8220;50&#8243; gutter_size=&#8220;3&#8243; column_width_percent=&#8220;100&#8243; shift_y=&#8220;0&#8243; z_index=&#8220;0&#8243;][vc_column width=&#8220;1\/1&#8243;][vc_gallery el_id=&#8220;gallery-112493&#8243; type=&#8220;carousel&#8220; medias=&#8220;68348,68294,68296,68295&#8243; carousel_lg=&#8220;3&#8243; carousel_md=&#8220;2&#8243; carousel_sm=&#8220;1&#8243; thumb_size=&#8220;sixteen-nine&#8220; gutter_size=&#8220;2&#8243; media_items=&#8220;media|lightbox|original&#8220; carousel_height=&#8220;equal&#8220; carousel_interval=&#8220;5000&#8243; carousel_navspeed=&#8220;1000&#8243; carousel_loop=&#8220;yes&#8220; carousel_nav=&#8220;yes&#8220; stage_padding=&#8220;0&#8243; single_overlay_opacity=&#8220;50&#8243; single_padding=&#8220;2&#8243; single_border=&#8220;yes&#8220; title=&#8220;Krieg und Frieden&#8220;][\/vc_column][\/vc_row][vc_row unlock_row=&#8220;&#8220; row_height_percent=&#8220;0&#8243; override_padding=&#8220;yes&#8220; h_padding=&#8220;2&#8243; top_padding=&#8220;2&#8243; bottom_padding=&#8220;0&#8243; overlay_alpha=&#8220;50&#8243; gutter_size=&#8220;3&#8243; column_width_percent=&#8220;100&#8243; shift_y=&#8220;0&#8243; z_index=&#8220;0&#8243;][vc_column column_width_percent=&#8220;100&#8243; gutter_size=&#8220;3&#8243; font_family=&#8220;font-129489&#8243; back_color=&#8220;color-gyho&#8220; overlay_alpha=&#8220;50&#8243; shift_x=&#8220;0&#8243; shift_y=&#8220;0&#8243; shift_y_down=&#8220;0&#8243; z_index=&#8220;0&#8243; medium_width=&#8220;0&#8243; mobile_width=&#8220;0&#8243; width=&#8220;1\/1&#8243;][vc_column_text text_lead=&#8220;yes&#8220; uncode_shortcode_id=&#8220;139844&#8243;]<\/p>\n<h5><span style=\"font-family: Quicksand; font-size: 20px;\">Kunde: <a href=\"http:\/\/fondationbodmer.ch\" target=\"_blank\" rel=\"noopener\">Fondation Martin Bodmer<\/a><\/span><\/h5>\n<h5><span style=\"font-family: Quicksand; font-size: 20px;\">Ausstellung: Vom 5. Oktober 2019 bis 1. M\u00e4rz 2020, \u00d6ffnungszeiten 14 bis 18 Uhr (Dienstag bis Sonntag)<\/span><\/h5>\n<h5><span style=\"font-family: Quicksand; font-size: 20px;\"><a href=\"https:\/\/fondationbodmer.ch\/en\/temporary-exhibitions\/\" target=\"_blank\" rel=\"noopener noreferrer\">https:\/\/fondationbodmer.ch\/en\/temporary-exhibitions\/<\/a><\/span><\/h5>\n<p>[\/vc_column_text][\/vc_column][\/vc_row][vc_row unlock_row=&#8220;&#8220; row_height_percent=&#8220;0&#8243; overlay_alpha=&#8220;50&#8243; gutter_size=&#8220;3&#8243; column_width_percent=&#8220;100&#8243; shift_y=&#8220;0&#8243; z_index=&#8220;0&#8243;][vc_column width=&#8220;1\/1&#8243;][vc_column_text text_lead=&#8220;yes&#8220; uncode_shortcode_id=&#8220;169861&#8243;]Die <a href=\"https:\/\/fondationbodmer.ch\/en\" target=\"_blank\" rel=\"nofollow noopener noreferrer\">Martin Bodmer Stiftung<\/a> (Cologny &#8211; GE) pr\u00e4sentiert seit dem 5. Oktober ihre neue Sonderausstellung \u201eKrieg und Frieden\u201c.<\/p>\n<h3>Auseinandersetzung mit den Themen Krieg und Frieden<\/h3>\n<p>Die Ausstellung Krieg und Frieden, die in Zusammenarbeit mit der Organisation der Vereinten Nationen (UNO Genf) und dem Internationalen Komitee vom Roten Kreuz (IKRK) in Auftrag gegeben wurde, widmet sich den zeitlosen Realit\u00e4ten von Krieg und Frieden. Die Ausstellung ist in drei Themenbereiche gegliedert: die Entstehung des Krieges, die Zerst\u00f6rung und die Sehnsucht nach Frieden. Die pr\u00e4sentierten Berichte und Dokumente stammen aus der Literatur, der Kunst, den Religionen, der Philosophie, dem Recht und der Politik. <strong> <\/strong><\/p>\n<h3>Das Verm\u00e4chtnis von Martin Bodmer<\/h3>\n<p>Die Stiftung wurde von Martin Bodmer gegr\u00fcndet, einem Philanthropen, der eine Leidenschaft f\u00fcr B\u00fccher hat und einen Teil der Geschichte in seiner Sammlung wieder zusammenf\u00fchren m\u00f6chte.<\/p>\n<h3>Verbesserung der Besucherbindung durch Technologie<\/h3>\n<p>Wie Sie sich vorstellen k\u00f6nnen, ist es in einem solchen Museum f\u00fcr keinen Besucher m\u00f6glich, direkt mit den urspr\u00fcnglichen Exponaten zu interagieren, z. B. die Seiten sehr alter B\u00fccher umzubl\u00e4ttern oder die wertvollen G\u00fcter und Gegenst\u00e4nde zu ber\u00fchren. In Anbetracht dieser Faktoren kann der Besuch f\u00fcr unsere leidenschaftlicheren Besucher etwas unbefriedigend sein: diejenigen, die bereit sind, tief in die B\u00fccher einzutauchen, aber auf eine einzige aufgeschlagene Seite beschr\u00e4nkt sind. <\/p>\n<h3>Interaktive Mehrbenutzer-Erfahrung<\/h3>\n<p>Um ein neues digitales Erlebnis zu bieten und die Besucher dazu zu bringen, mit den Inhalten w\u00e4hrend jeder neuen tempor\u00e4ren Ausstellung zu interagieren, haben Immensive und die Martin Bodmer Stiftung gemeinsam an einer Multi-User Multi-Touch-Anwendung gearbeitet, die auf einem interaktiven Tisch in der Mitte des Ausstellungsraums pr\u00e4sentiert wird. Mit Hilfe dieser intuitiven und reaktionsschnellen Pr\u00e4sentationsanwendung kann jeder Besucher in die Texte, Bilder und Details der grossartigen, hochwertigen Fotografien der einzelnen B\u00fccher eintauchen. Auf diese Weise kann die Stiftung eine emotionale Bindung zu ihren Besuchern herstellen und ihnen Lust auf die n\u00e4chste Ausstellung machen.<\/p>\n<h3>Die Immensive PopupExperience: eine perfekte Passform<\/h3>\n<p>Die Immensive PopupExperience war das perfekte Produkt f\u00fcr diese Situation. Aufgrund des vielseitigen Designs kann die Anwendung f\u00fcr jede neue Ausstellung neu gestaltet werden. Das eingebaute CMS erm\u00f6glicht eine grosse Flexibilit\u00e4t und gibt der Martin Bodmer Stiftung Autonomie, eine unsch\u00e4tzbare Eigenschaft, wenn kurzfristige Inhalts\u00e4nderungen auftreten.[\/vc_column_text][vc_row_inner][vc_column_inner width=&#8220;2\/3&#8243;][vc_column_text uncode_shortcode_id=&#8220;748277&#8243;]<\/p>\n<blockquote><p>\u201eObwohl die Martin Bodmer Stiftung sich der Bewahrung und Pr\u00e4sentation von Meisterwerken aller menschlichen Zivilisationen verschrieben hat, sieht sie die aktuellen Technologien weder als Bremse noch als Feind. Im Gegenteil, wir haben uns bem\u00fcht, die neuen Vermittlungsinstrumente mit einzubeziehen, ohne in die Falle der Ultrakonnektivit\u00e4t zu tappen oder die Betrachtung der Zeugen der Geschichte durch die allgegenw\u00e4rtigen Bildschirme zu ersetzen. Die taktilen Tische von Immensive und ihre speziellen Anwendungen sind Teil dieses intelligenten Ansatzes\u201c.<\/p><\/blockquote>\n<p>[\/vc_column_text][\/vc_column_inner][vc_column_inner width=&#8220;1\/3&#8243;][vc_single_image media=&#8220;68346&#8243; media_width_percent=&#8220;80&#8243; alignment=&#8220;center&#8220; shape=&#8220;img-circle&#8220; shadow=&#8220;yes&#8220;][vc_column_text]<\/p>\n<p style=\"text-align: center;\">Yoann Givry<br \/>\nWissenschaftlicher Mitarbeiter<\/p>\n<p>[\/vc_column_text][\/vc_column_inner][\/vc_row_inner][\/vc_column][\/vc_row][vc_row][vc_column width=&#8220;1\/1&#8243;][uncode_block id=&#8220;68354&#8243;][\/vc_column][\/vc_row][vc_row][vc_column width=&#8220;1\/1&#8243;][uncode_block id=&#8220;67167&#8243;][\/vc_column][\/vc_row]<\/p>\n<\/div>","protected":false},"excerpt":{"rendered":"<p>[vc_row row_height_percent=&#8220;0&#8243; override_padding=&#8220;yes&#8220; h_padding=&#8220;0&#8243; top_padding=&#8220;0&#8243; bottom_padding=&#8220;0&#8243; back_color=&#8220;color-206537&#8243; back_image=&#8220;66887&#8243; back_repeat=&#8220;repeat-x&#8220; back_attachment=&#8220;inherit&#8220; back_position=&#8220;center bottom&#8220; overlay_alpha=&#8220;50&#8243; equal_height=&#8220;yes&#8220; gutter_size=&#8220;3&#8243; column_width_percent=&#8220;100&#8243; shift_y=&#8220;0&#8243; z_index=&#8220;0&#8243; row_height_pixel=&#8220;120&#8243; back_size=&#8220;auto&#8220;][vc_column [&hellip;]<\/p>\n","protected":false},"author":7,"featured_media":71539,"parent":0,"menu_order":0,"comment_status":"closed","ping_status":"closed","template":"","meta":{"footnotes":""},"portfolio_category":[213],"class_list":["post-75595","portfolio","type-portfolio","status-publish","has-post-thumbnail","hentry","portfolio_category-popupexperience-de"],"yoast_head":"<!-- This site is optimized with the Yoast SEO plugin v27.5 - https:\/\/yoast.com\/product\/yoast-seo-wordpress\/ -->\n<title>Krieg und Frieden - Fondation Bodmer - Immensive<\/title>\n<meta name=\"description\" content=\"Immensive hat f\u00fcr die Ausstellung \u201eGuerre et Paix\u201c ein immersives Erlebnis geschaffen, das die Besucher mit innovativen Darstellungen, die die Auswirkungen von Krieg und Frieden erforschen, anspricht.\" \/>\n<meta name=\"robots\" content=\"index, follow, max-snippet:-1, max-image-preview:large, max-video-preview:-1\" \/>\n<link rel=\"canonical\" href=\"https:\/\/www.immensive.com\/de\/immensive-portfolio\/krieg-und-frieden-fondation-bodmer\/\" \/>\n<meta property=\"og:locale\" content=\"de_DE\" \/>\n<meta property=\"og:type\" content=\"article\" \/>\n<meta property=\"og:title\" content=\"Krieg und Frieden - Fondation Bodmer - Immensive\" \/>\n<meta property=\"og:description\" content=\"Immensive hat f\u00fcr die Ausstellung \u201eGuerre et Paix\u201c ein immersives Erlebnis geschaffen, das die Besucher mit innovativen Darstellungen, die die Auswirkungen von Krieg und Frieden erforschen, anspricht.\" \/>\n<meta property=\"og:url\" content=\"https:\/\/www.immensive.com\/de\/immensive-portfolio\/krieg-und-frieden-fondation-bodmer\/\" \/>\n<meta property=\"og:site_name\" content=\"Immensive\" \/>\n<meta property=\"article:publisher\" content=\"https:\/\/www.facebook.com\/Immensive\" \/>\n<meta property=\"article:modified_time\" content=\"2024-11-26T09:43:40+00:00\" \/>\n<meta property=\"og:image\" content=\"https:\/\/www.immensive.com\/wp-content\/uploads\/2019\/12\/2020-03-thumbnail-fb-gp.png\" \/>\n\t<meta property=\"og:image:width\" content=\"910\" \/>\n\t<meta property=\"og:image:height\" content=\"512\" \/>\n\t<meta property=\"og:image:type\" content=\"image\/png\" \/>\n<meta name=\"twitter:card\" content=\"summary_large_image\" \/>\n<meta name=\"twitter:site\" content=\"@immensive_sa\" \/>\n<meta name=\"twitter:label1\" content=\"Gesch\u00e4tzte Lesezeit\" \/>\n\t<meta name=\"twitter:data1\" content=\"5\u00a0Minuten\" \/>\n<script type=\"application\/ld+json\" class=\"yoast-schema-graph\">{\"@context\":\"https:\\\/\\\/schema.org\",\"@graph\":[{\"@type\":\"WebPage\",\"@id\":\"https:\\\/\\\/www.immensive.com\\\/de\\\/immensive-portfolio\\\/krieg-und-frieden-fondation-bodmer\\\/\",\"url\":\"https:\\\/\\\/www.immensive.com\\\/de\\\/immensive-portfolio\\\/krieg-und-frieden-fondation-bodmer\\\/\",\"name\":\"Krieg und Frieden - Fondation Bodmer - Immensive\",\"isPartOf\":{\"@id\":\"https:\\\/\\\/www.immensive.com\\\/de\\\/#website\"},\"primaryImageOfPage\":{\"@id\":\"https:\\\/\\\/www.immensive.com\\\/de\\\/immensive-portfolio\\\/krieg-und-frieden-fondation-bodmer\\\/#primaryimage\"},\"image\":{\"@id\":\"https:\\\/\\\/www.immensive.com\\\/de\\\/immensive-portfolio\\\/krieg-und-frieden-fondation-bodmer\\\/#primaryimage\"},\"thumbnailUrl\":\"https:\\\/\\\/www.immensive.com\\\/wp-content\\\/uploads\\\/2019\\\/12\\\/2020-03-thumbnail-fb-gp.png\",\"datePublished\":\"2019-12-05T12:44:03+00:00\",\"dateModified\":\"2024-11-26T09:43:40+00:00\",\"description\":\"Immensive hat f\u00fcr die Ausstellung \u201eGuerre et Paix\u201c ein immersives Erlebnis geschaffen, das die Besucher mit innovativen Darstellungen, die die Auswirkungen von Krieg und Frieden erforschen, anspricht.\",\"breadcrumb\":{\"@id\":\"https:\\\/\\\/www.immensive.com\\\/de\\\/immensive-portfolio\\\/krieg-und-frieden-fondation-bodmer\\\/#breadcrumb\"},\"inLanguage\":\"de\",\"potentialAction\":[{\"@type\":\"ReadAction\",\"target\":[\"https:\\\/\\\/www.immensive.com\\\/de\\\/immensive-portfolio\\\/krieg-und-frieden-fondation-bodmer\\\/\"]}]},{\"@type\":\"ImageObject\",\"inLanguage\":\"de\",\"@id\":\"https:\\\/\\\/www.immensive.com\\\/de\\\/immensive-portfolio\\\/krieg-und-frieden-fondation-bodmer\\\/#primaryimage\",\"url\":\"https:\\\/\\\/www.immensive.com\\\/wp-content\\\/uploads\\\/2019\\\/12\\\/2020-03-thumbnail-fb-gp.png\",\"contentUrl\":\"https:\\\/\\\/www.immensive.com\\\/wp-content\\\/uploads\\\/2019\\\/12\\\/2020-03-thumbnail-fb-gp.png\",\"width\":910,\"height\":512},{\"@type\":\"BreadcrumbList\",\"@id\":\"https:\\\/\\\/www.immensive.com\\\/de\\\/immensive-portfolio\\\/krieg-und-frieden-fondation-bodmer\\\/#breadcrumb\",\"itemListElement\":[{\"@type\":\"ListItem\",\"position\":1,\"name\":\"Home\",\"item\":\"https:\\\/\\\/www.immensive.com\\\/de\\\/\"},{\"@type\":\"ListItem\",\"position\":2,\"name\":\"Portfolio\",\"item\":\"https:\\\/\\\/www.immensive.com\\\/de\\\/immensive-portfolio\\\/\"},{\"@type\":\"ListItem\",\"position\":3,\"name\":\"Krieg und Frieden &#8211; Fondation Bodmer\"}]},{\"@type\":\"WebSite\",\"@id\":\"https:\\\/\\\/www.immensive.com\\\/de\\\/#website\",\"url\":\"https:\\\/\\\/www.immensive.com\\\/de\\\/\",\"name\":\"Immensive\",\"description\":\"Interactive Solutions and Corporate Metaverse\",\"publisher\":{\"@id\":\"https:\\\/\\\/www.immensive.com\\\/de\\\/#organization\"},\"potentialAction\":[{\"@type\":\"SearchAction\",\"target\":{\"@type\":\"EntryPoint\",\"urlTemplate\":\"https:\\\/\\\/www.immensive.com\\\/de\\\/?s={search_term_string}\"},\"query-input\":{\"@type\":\"PropertyValueSpecification\",\"valueRequired\":true,\"valueName\":\"search_term_string\"}}],\"inLanguage\":\"de\"},{\"@type\":\"Organization\",\"@id\":\"https:\\\/\\\/www.immensive.com\\\/de\\\/#organization\",\"name\":\"Immensive SA\",\"url\":\"https:\\\/\\\/www.immensive.com\\\/de\\\/\",\"logo\":{\"@type\":\"ImageObject\",\"inLanguage\":\"de\",\"@id\":\"https:\\\/\\\/www.immensive.com\\\/de\\\/#\\\/schema\\\/logo\\\/image\\\/\",\"url\":\"https:\\\/\\\/www.immensive.com\\\/wp-content\\\/uploads\\\/2024\\\/10\\\/Logo_Standard_Web-1.png\",\"contentUrl\":\"https:\\\/\\\/www.immensive.com\\\/wp-content\\\/uploads\\\/2024\\\/10\\\/Logo_Standard_Web-1.png\",\"width\":982,\"height\":296,\"caption\":\"Immensive SA\"},\"image\":{\"@id\":\"https:\\\/\\\/www.immensive.com\\\/de\\\/#\\\/schema\\\/logo\\\/image\\\/\"},\"sameAs\":[\"https:\\\/\\\/www.facebook.com\\\/Immensive\",\"https:\\\/\\\/x.com\\\/immensive_sa\",\"https:\\\/\\\/www.instagram.com\\\/immensive\\\/\",\"https:\\\/\\\/www.linkedin.com\\\/company\\\/immensive_sa\",\"https:\\\/\\\/www.youtube.com\\\/channel\\\/UCQh4ErJgBoTQ9p2b4F0QmZg\"]}]}<\/script>\n<!-- \/ Yoast SEO plugin. -->","yoast_head_json":{"title":"Krieg und Frieden - Fondation Bodmer - Immensive","description":"Immensive hat f\u00fcr die Ausstellung \u201eGuerre et Paix\u201c ein immersives Erlebnis geschaffen, das die Besucher mit innovativen Darstellungen, die die Auswirkungen von Krieg und Frieden erforschen, anspricht.","robots":{"index":"index","follow":"follow","max-snippet":"max-snippet:-1","max-image-preview":"max-image-preview:large","max-video-preview":"max-video-preview:-1"},"canonical":"https:\/\/www.immensive.com\/de\/immensive-portfolio\/krieg-und-frieden-fondation-bodmer\/","og_locale":"de_DE","og_type":"article","og_title":"Krieg und Frieden - Fondation Bodmer - Immensive","og_description":"Immensive hat f\u00fcr die Ausstellung \u201eGuerre et Paix\u201c ein immersives Erlebnis geschaffen, das die Besucher mit innovativen Darstellungen, die die Auswirkungen von Krieg und Frieden erforschen, anspricht.","og_url":"https:\/\/www.immensive.com\/de\/immensive-portfolio\/krieg-und-frieden-fondation-bodmer\/","og_site_name":"Immensive","article_publisher":"https:\/\/www.facebook.com\/Immensive","article_modified_time":"2024-11-26T09:43:40+00:00","og_image":[{"width":910,"height":512,"url":"https:\/\/www.immensive.com\/wp-content\/uploads\/2019\/12\/2020-03-thumbnail-fb-gp.png","type":"image\/png"}],"twitter_card":"summary_large_image","twitter_site":"@immensive_sa","twitter_misc":{"Gesch\u00e4tzte Lesezeit":"5\u00a0Minuten"},"schema":{"@context":"https:\/\/schema.org","@graph":[{"@type":"WebPage","@id":"https:\/\/www.immensive.com\/de\/immensive-portfolio\/krieg-und-frieden-fondation-bodmer\/","url":"https:\/\/www.immensive.com\/de\/immensive-portfolio\/krieg-und-frieden-fondation-bodmer\/","name":"Krieg und Frieden - Fondation Bodmer - Immensive","isPartOf":{"@id":"https:\/\/www.immensive.com\/de\/#website"},"primaryImageOfPage":{"@id":"https:\/\/www.immensive.com\/de\/immensive-portfolio\/krieg-und-frieden-fondation-bodmer\/#primaryimage"},"image":{"@id":"https:\/\/www.immensive.com\/de\/immensive-portfolio\/krieg-und-frieden-fondation-bodmer\/#primaryimage"},"thumbnailUrl":"https:\/\/www.immensive.com\/wp-content\/uploads\/2019\/12\/2020-03-thumbnail-fb-gp.png","datePublished":"2019-12-05T12:44:03+00:00","dateModified":"2024-11-26T09:43:40+00:00","description":"Immensive hat f\u00fcr die Ausstellung \u201eGuerre et Paix\u201c ein immersives Erlebnis geschaffen, das die Besucher mit innovativen Darstellungen, die die Auswirkungen von Krieg und Frieden erforschen, anspricht.","breadcrumb":{"@id":"https:\/\/www.immensive.com\/de\/immensive-portfolio\/krieg-und-frieden-fondation-bodmer\/#breadcrumb"},"inLanguage":"de","potentialAction":[{"@type":"ReadAction","target":["https:\/\/www.immensive.com\/de\/immensive-portfolio\/krieg-und-frieden-fondation-bodmer\/"]}]},{"@type":"ImageObject","inLanguage":"de","@id":"https:\/\/www.immensive.com\/de\/immensive-portfolio\/krieg-und-frieden-fondation-bodmer\/#primaryimage","url":"https:\/\/www.immensive.com\/wp-content\/uploads\/2019\/12\/2020-03-thumbnail-fb-gp.png","contentUrl":"https:\/\/www.immensive.com\/wp-content\/uploads\/2019\/12\/2020-03-thumbnail-fb-gp.png","width":910,"height":512},{"@type":"BreadcrumbList","@id":"https:\/\/www.immensive.com\/de\/immensive-portfolio\/krieg-und-frieden-fondation-bodmer\/#breadcrumb","itemListElement":[{"@type":"ListItem","position":1,"name":"Home","item":"https:\/\/www.immensive.com\/de\/"},{"@type":"ListItem","position":2,"name":"Portfolio","item":"https:\/\/www.immensive.com\/de\/immensive-portfolio\/"},{"@type":"ListItem","position":3,"name":"Krieg und Frieden &#8211; Fondation Bodmer"}]},{"@type":"WebSite","@id":"https:\/\/www.immensive.com\/de\/#website","url":"https:\/\/www.immensive.com\/de\/","name":"Immensive","description":"Interactive Solutions and Corporate Metaverse","publisher":{"@id":"https:\/\/www.immensive.com\/de\/#organization"},"potentialAction":[{"@type":"SearchAction","target":{"@type":"EntryPoint","urlTemplate":"https:\/\/www.immensive.com\/de\/?s={search_term_string}"},"query-input":{"@type":"PropertyValueSpecification","valueRequired":true,"valueName":"search_term_string"}}],"inLanguage":"de"},{"@type":"Organization","@id":"https:\/\/www.immensive.com\/de\/#organization","name":"Immensive SA","url":"https:\/\/www.immensive.com\/de\/","logo":{"@type":"ImageObject","inLanguage":"de","@id":"https:\/\/www.immensive.com\/de\/#\/schema\/logo\/image\/","url":"https:\/\/www.immensive.com\/wp-content\/uploads\/2024\/10\/Logo_Standard_Web-1.png","contentUrl":"https:\/\/www.immensive.com\/wp-content\/uploads\/2024\/10\/Logo_Standard_Web-1.png","width":982,"height":296,"caption":"Immensive SA"},"image":{"@id":"https:\/\/www.immensive.com\/de\/#\/schema\/logo\/image\/"},"sameAs":["https:\/\/www.facebook.com\/Immensive","https:\/\/x.com\/immensive_sa","https:\/\/www.instagram.com\/immensive\/","https:\/\/www.linkedin.com\/company\/immensive_sa","https:\/\/www.youtube.com\/channel\/UCQh4ErJgBoTQ9p2b4F0QmZg"]}]}},"_links":{"self":[{"href":"https:\/\/www.immensive.com\/de\/wp-json\/wp\/v2\/portfolio\/75595","targetHints":{"allow":["GET"]}}],"collection":[{"href":"https:\/\/www.immensive.com\/de\/wp-json\/wp\/v2\/portfolio"}],"about":[{"href":"https:\/\/www.immensive.com\/de\/wp-json\/wp\/v2\/types\/portfolio"}],"author":[{"embeddable":true,"href":"https:\/\/www.immensive.com\/de\/wp-json\/wp\/v2\/users\/7"}],"replies":[{"embeddable":true,"href":"https:\/\/www.immensive.com\/de\/wp-json\/wp\/v2\/comments?post=75595"}],"version-history":[{"count":2,"href":"https:\/\/www.immensive.com\/de\/wp-json\/wp\/v2\/portfolio\/75595\/revisions"}],"predecessor-version":[{"id":75597,"href":"https:\/\/www.immensive.com\/de\/wp-json\/wp\/v2\/portfolio\/75595\/revisions\/75597"}],"wp:featuredmedia":[{"embeddable":true,"href":"https:\/\/www.immensive.com\/de\/wp-json\/wp\/v2\/media\/71539"}],"wp:attachment":[{"href":"https:\/\/www.immensive.com\/de\/wp-json\/wp\/v2\/media?parent=75595"}],"wp:term":[{"taxonomy":"portfolio_category","embeddable":true,"href":"https:\/\/www.immensive.com\/de\/wp-json\/wp\/v2\/portfolio_category?post=75595"}],"curies":[{"name":"wp","href":"https:\/\/api.w.org\/{rel}","templated":true}]}}