{"id":75569,"date":"2022-08-30T10:36:47","date_gmt":"2022-08-30T09:36:47","guid":{"rendered":"https:\/\/l2567pblzpn.preview.infomaniak.website\/portfolio\/time-machine-villa-le-lac-le-corbusier\/"},"modified":"2025-09-12T17:06:41","modified_gmt":"2025-09-12T16:06:41","slug":"time-machine-villa-le-lac-le-corbusier","status":"publish","type":"portfolio","link":"https:\/\/www.immensive.com\/de\/immensive-portfolio\/time-machine-villa-le-lac-le-corbusier\/","title":{"rendered":"Time Machine &#8211; Villa \u00ab Le Lac \u00bb Le Corbusier"},"content":{"rendered":"<div class=\"wpb-content-wrapper\"><p>[vc_row row_height_percent=&#8220;0&#8243; override_padding=&#8220;yes&#8220; h_padding=&#8220;0&#8243; top_padding=&#8220;0&#8243; bottom_padding=&#8220;0&#8243; back_color=&#8220;color-206537&#8243; back_image=&#8220;66887&#8243; back_repeat=&#8220;repeat-x&#8220; back_attachment=&#8220;inherit&#8220; back_position=&#8220;center bottom&#8220; overlay_alpha=&#8220;50&#8243; equal_height=&#8220;yes&#8220; gutter_size=&#8220;3&#8243; column_width_percent=&#8220;100&#8243; shift_y=&#8220;0&#8243; z_index=&#8220;0&#8243; row_height_pixel=&#8220;120&#8243; back_size=&#8220;auto&#8220;][vc_column column_width_percent=&#8220;100&#8243; position_vertical=&#8220;bottom&#8220; align_horizontal=&#8220;align_center&#8220; gutter_size=&#8220;3&#8243; override_padding=&#8220;yes&#8220; column_padding=&#8220;2&#8243; style=&#8220;dark&#8220; overlay_alpha=&#8220;50&#8243; shift_x=&#8220;0&#8243; shift_y=&#8220;0&#8243; shift_y_down=&#8220;0&#8243; z_index=&#8220;0&#8243; medium_width=&#8220;0&#8243; mobile_width=&#8220;0&#8243; width=&#8220;1\/1&#8243; css=&#8220;.vc_custom_1519947016391{padding-bottom: 30px !important;}&#8220;][vc_column_text css_animation=&#8220;zoom-out&#8220; uncode_shortcode_id=&#8220;153809&#8243;]<\/p>\n<p style=\"font-size: 40px; line-height: 44px; font-weight: bold; font-family: Quicksand; text-align: center;\">Time Machine &#8211; Villa \u00ab Le Lac \u00bb Le Corbusier<\/p>\n<p>[\/vc_column_text][vc_empty_space empty_h=&#8220;1&#8243;][\/vc_column][\/vc_row][vc_row row_height_percent=&#8220;0&#8243; override_padding=&#8220;yes&#8220; h_padding=&#8220;2&#8243; top_padding=&#8220;0&#8243; bottom_padding=&#8220;0&#8243; back_color=&#8220;color-gyho&#8220; overlay_alpha=&#8220;50&#8243; gutter_size=&#8220;3&#8243; column_width_percent=&#8220;100&#8243; shift_y=&#8220;0&#8243; z_index=&#8220;0&#8243; desktop_visibility=&#8220;yes&#8220; medium_visibility=&#8220;yes&#8220; mobile_visibility=&#8220;yes&#8220; inverted_device_order=&#8220;yes&#8220; css=&#8220;.vc_custom_1584611924378{padding-top: 8px !important;padding-bottom: 8px !important;}&#8220;][vc_column width=&#8220;1\/1&#8243;][uncode_info_box items=&#8220;Categories,Date&#8220; text_font=&#8220;font-129489&#8243; text_size=&#8220;h6&#8243; text_weight=&#8220;500&#8243; separator=&#8220;bullet&#8220;][\/vc_column][\/vc_row][vc_row unlock_row_content=&#8220;yes&#8220; row_height_percent=&#8220;0&#8243; override_padding=&#8220;yes&#8220; h_padding=&#8220;2&#8243; top_padding=&#8220;2&#8243; bottom_padding=&#8220;0&#8243; overlay_alpha=&#8220;50&#8243; gutter_size=&#8220;3&#8243; column_width_percent=&#8220;100&#8243; shift_y=&#8220;0&#8243; z_index=&#8220;0&#8243;][vc_column width=&#8220;1\/1&#8243;][vc_gallery el_id=&#8220;gallery-112493&#8243; type=&#8220;carousel&#8220; medias=&#8220;72503,72509,72512,72518&#8243; carousel_lg=&#8220;3&#8243; carousel_md=&#8220;2&#8243; carousel_sm=&#8220;1&#8243; thumb_size=&#8220;sixteen-nine&#8220; gutter_size=&#8220;2&#8243; media_items=&#8220;media|lightbox|original&#8220; carousel_height=&#8220;equal&#8220; carousel_interval=&#8220;5000&#8243; carousel_navspeed=&#8220;1000&#8243; carousel_loop=&#8220;yes&#8220; carousel_nav=&#8220;yes&#8220; stage_padding=&#8220;0&#8243; single_overlay_opacity=&#8220;50&#8243; single_padding=&#8220;2&#8243; single_border=&#8220;yes&#8220; title=&#8220;Time Machine&#8220; uncode_shortcode_id=&#8220;949208&#8243;][\/vc_column][\/vc_row][vc_row unlock_row=&#8220;&#8220; row_height_percent=&#8220;0&#8243; override_padding=&#8220;yes&#8220; h_padding=&#8220;2&#8243; top_padding=&#8220;2&#8243; bottom_padding=&#8220;0&#8243; overlay_alpha=&#8220;50&#8243; gutter_size=&#8220;3&#8243; column_width_percent=&#8220;100&#8243; shift_y=&#8220;0&#8243; z_index=&#8220;0&#8243;][vc_column column_width_percent=&#8220;100&#8243; gutter_size=&#8220;3&#8243; font_family=&#8220;font-129489&#8243; back_color=&#8220;color-gyho&#8220; overlay_alpha=&#8220;50&#8243; shift_x=&#8220;0&#8243; shift_y=&#8220;0&#8243; shift_y_down=&#8220;0&#8243; z_index=&#8220;0&#8243; medium_width=&#8220;0&#8243; mobile_width=&#8220;0&#8243; width=&#8220;1\/1&#8243;][vc_column_text text_lead=&#8220;yes&#8220; uncode_shortcode_id=&#8220;349809&#8243;]<\/p>\n<h5><span style=\"font-family: Quicksand; font-size: 20px;\">Kunde: <em><strong><a href=\"https:\/\/www.villalelac.ch\/\" target=\"_blank\" rel=\"noopener\">Villa \u00ab Le Lac \u00bb Le Corbusier<\/a><\/strong><\/em><\/span><\/h5>\n<h5><span style=\"font-family: Quicksand; font-size: 20px;\">Einf\u00fchrung: <em><strong>Q2 2022<\/strong><\/em><\/span><\/h5>\n<h5><span style=\"font-family: Quicksand; font-size: 20px;\">Hauptlieferungen: <strong><em>AR-Anwendung, Inhaltsintegration<\/em><\/strong>,<\/span> <strong><em><span style=\"font-family: Quicksand; font-size: 20px;\">Hardware<\/span><\/em><\/strong><\/h5>\n<h5><span style=\"font-family: Quicksand; font-size: 20px;\">Projektmanagement: <em><strong><a href=\"https:\/\/www.linkedin.com\/in\/david-bugat-digitalcommunicationexpert\/\" target=\"_blank\" rel=\"noopener\">David Bugat<\/a>, <a href=\"https:\/\/www.immensive.com\/de\/\">Immensive SA<\/a><\/strong><\/em><\/span><\/h5>\n<h5><span style=\"font-family: Quicksand; font-size: 20px;\">Presseberichterstattung:<\/span><\/h5>\n<h5><span style=\"font-family: Quicksand; font-size: 20px;\">&#8211; 24 Heures: <em><strong><a href=\"https:\/\/www.24heures.ch\/chez-le-corbusier-en-realite-augmentee-219098185524\" target=\"_blank\" rel=\"noopener noreferrer\">Chez Le Corbusier en r\u00e9alit\u00e9 augment\u00e9e<\/a><\/strong><\/em><\/span><\/h5>\n<h5><span style=\"font-family: Quicksand; font-size: 20px;\">&#8211; Kultur-Tipp: <em><strong><a href=\"https:\/\/www.kultur-tipp.ch\/artikel\/artikeldetail\/ausstellung-zeitreise-mit-le-corbusier\/\" target=\"_blank\" rel=\"noopener\">Ausstellung: Zeitreise mit Le Corbusier<\/a><\/strong><\/em><\/span><\/h5>\n<h5><span style=\"font-family: Quicksand; font-size: 20px;\">&#8211; RTS: <em><strong><a href=\"https:\/\/www.rts.ch\/play\/tv\/redirect\/detail\/13566409?startTime=804\" target=\"_blank\" rel=\"noopener\">Couleurs locales<\/a><\/strong><\/em><\/span><\/h5>\n<p>[\/vc_column_text][\/vc_column][\/vc_row][vc_row][vc_column width=&#8220;1\/1&#8243;][vc_column_text text_lead=&#8220;yes&#8220; uncode_shortcode_id=&#8220;173116&#8243;]Direkt aus der Fantasie von <a href=\"https:\/\/www.linkedin.com\/in\/patrickmosertraductions\/\" target=\"_blank\" rel=\"noopener\">Patrick Moser<\/a>, dem Kurator der Villa \u00ab Le Lac \u00bb Le Corbusier, und frei inspiriert von den Welten von H.G. Wells und Jules Verne, sind wir sehr stolz darauf, von der Villa \u00ab Le Lac \u00bb Le Corbusier mit der Erstellung der <em>Time Machine<\/em> beauftragt worden zu sein.<\/p>\n<p>Sie ist als \u201eaussergew\u00f6hnlicher Beitrag zur Moderne\u201c in die <a href=\"https:\/\/whc.unesco.org\/en\/documents\/140693\" target=\"_blank\" rel=\"noopener\">UNESCO-Weltkulturerbeliste<\/a> aufgenommen. In diesem idyllischen Umfeld, einem Theater der Forschung und vielf\u00e4ltiger Experimente, entwickelte Patrick Moser seine Idee.  <\/p>\n<h4><strong>Vom Vergangenen zur Moderne<\/strong><\/h4>\n<p>Wie macht man einen Besuch auf der Seite attraktiv, nicht nur f\u00fcr Liebhaber des ber\u00fchmten Schweizer Architekten, dessen Einfluss weltweit messbar ist, sondern auch f\u00fcr Studierende sowie die breite \u00d6ffentlichkeit? <strong>Die <em>Time Machine<\/em> ist eine Inspirationsquelle f\u00fcr alle Museen und historischen Denkm\u00e4ler. <\/strong><br \/>\nVollst\u00e4ndig umgesetzt von unserem f\u00fcr das Projekt verantwortlichen Entwickler, <a href=\"https:\/\/www.linkedin.com\/in\/cretton\/\" target=\"_blank\" rel=\"noopener\">Ga\u00ebtan Cretton<\/a>, ist die <em>Time Machine<\/em> das Ergebnis einer engen Zusammenarbeit mit dem Kurator der Villa, von den szenografischen Grundlagen bis zu den finalen visuellen Ergebnissen.<\/p>\n<h4><strong><span style=\"font-family: -apple-system, BlinkMacSystemFont, 'Segoe UI', Roboto, Oxygen-Sans, Ubuntu, Cantarell, 'Helvetica Neue', sans-serif;\">Was erwartet Sie w\u00e4hrend Ihres Besuchs?<\/span><\/strong><\/h4>\n<p>Bei Ihrer Ankunft wird dem Besucher ein iPad \u00fcberreicht. Dieses Ger\u00e4t ist ein \u201eFenster in die Vergangenheit\u201c: Mit einem Hebel k\u00f6nnen Sie das Zieljahr Ihrer Zeitreise \u00e4ndern und sofort die <strong>150 Fotos von 1925 bis heute<\/strong> entdecken. Innenr\u00e4ume, die Fassade sowie der Dachgarten sind mit erweiterten Augmented Reality-Inhalten angereichert. Die Erfahrung ist unterhaltsam und interaktiv.  <\/p>\n<p>Der Zeitreisende kann die St\u00e4tte so erleben, wie sie zu verschiedenen Zeiten war. \u201eWir schlendern, nehmen uns Zeit und teilen diese Eindr\u00fccke\u201c \u2013 Patrick Moser und sein Team begleiten Ihren Besuch und bereichern ihn mit Anekdoten zu Orten und Figuren aus einer anderen \u00c4ra.  <\/p>\n<p><strong>Eine Eintauchen in die Geschichte eines Meisterwerks der modernen Architektur.<\/strong>[\/vc_column_text][\/vc_column][\/vc_row][vc_row unlock_row=&#8220;&#8220; row_height_percent=&#8220;0&#8243; overlay_alpha=&#8220;50&#8243; gutter_size=&#8220;3&#8243; column_width_percent=&#8220;100&#8243; shift_y=&#8220;0&#8243; z_index=&#8220;0&#8243;][vc_column width=&#8220;1\/1&#8243;][vc_row_inner][vc_column_inner width=&#8220;2\/3&#8243;][vc_column_text uncode_shortcode_id=&#8220;130298&#8243;]<\/p>\n<blockquote><p>\u201eDie Time Machine ist ein aussergew\u00f6hnliches Medium f\u00fcr die kulturelle Vermittlung. Das Projekt wurde unter aussergew\u00f6hnlich guten Bedingungen durchgef\u00fchrt. Dank der unerm\u00fcdlichen Reaktionsf\u00e4higkeit des Immensive-Teams.\u201c<\/p><\/blockquote>\n<p>[\/vc_column_text][\/vc_column_inner][vc_column_inner width=&#8220;1\/3&#8243;][vc_single_image media=&#8220;72515&#8243; media_width_percent=&#8220;80&#8243; alignment=&#8220;center&#8220; shape=&#8220;img-circle&#8220; shadow=&#8220;yes&#8220; uncode_shortcode_id=&#8220;164440&#8243;][vc_column_text uncode_shortcode_id=&#8220;652033&#8243;]<\/p>\n<p style=\"text-align: center;\">Patrick Moser<br \/>\nKurator der Villa \u00ab Le Lac \u00bb Le Corbusier<\/p>\n<p>[\/vc_column_text][\/vc_column_inner][\/vc_row_inner][\/vc_column][\/vc_row][vc_row][vc_column width=&#8220;1\/1&#8243;][vc_single_image media=&#8220;72506&#8243; media_width_percent=&#8220;100&#8243; uncode_shortcode_id=&#8220;160797&#8243;][\/vc_column][\/vc_row][vc_row][vc_column width=&#8220;1\/1&#8243;][\/vc_column][\/vc_row][vc_row][vc_column width=&#8220;1\/1&#8243;][uncode_block id=&#8220;67167&#8243;][\/vc_column][\/vc_row]<\/p>\n<\/div>","protected":false},"excerpt":{"rendered":"<p>[vc_row row_height_percent=&#8220;0&#8243; override_padding=&#8220;yes&#8220; h_padding=&#8220;0&#8243; top_padding=&#8220;0&#8243; bottom_padding=&#8220;0&#8243; back_color=&#8220;color-206537&#8243; back_image=&#8220;66887&#8243; back_repeat=&#8220;repeat-x&#8220; back_attachment=&#8220;inherit&#8220; back_position=&#8220;center bottom&#8220; overlay_alpha=&#8220;50&#8243; equal_height=&#8220;yes&#8220; gutter_size=&#8220;3&#8243; column_width_percent=&#8220;100&#8243; shift_y=&#8220;0&#8243; z_index=&#8220;0&#8243; row_height_pixel=&#8220;120&#8243; back_size=&#8220;auto&#8220;][vc_column [&hellip;]<\/p>\n","protected":false},"author":7,"featured_media":147632,"parent":0,"menu_order":0,"comment_status":"closed","ping_status":"closed","template":"","meta":{"footnotes":""},"portfolio_category":[216,218],"class_list":["post-75569","portfolio","type-portfolio","status-publish","has-post-thumbnail","hentry","portfolio_category-kundenspezifische-loesung","portfolio_category-vr-ar-de"],"yoast_head":"<!-- This site is optimized with the Yoast SEO plugin v27.5 - https:\/\/yoast.com\/product\/yoast-seo-wordpress\/ -->\n<title>Time Machine - Villa \u00ab Le Lac \u00bb Le Corbusier - Immensive<\/title>\n<meta name=\"description\" content=\"Die Time Machine Le Corbusier in der Villa Le Lac bietet eine immersive AR-Reise, die die Besucher mit den innovativen Designs und der Geschichte des Architekten vertraut macht.\" \/>\n<meta name=\"robots\" content=\"index, follow, max-snippet:-1, max-image-preview:large, max-video-preview:-1\" \/>\n<link rel=\"canonical\" href=\"https:\/\/www.immensive.com\/de\/immensive-portfolio\/time-machine-villa-le-lac-le-corbusier\/\" \/>\n<meta property=\"og:locale\" content=\"de_DE\" \/>\n<meta property=\"og:type\" content=\"article\" \/>\n<meta property=\"og:title\" content=\"Time Machine - Villa \u00ab Le Lac \u00bb Le Corbusier - Immensive\" \/>\n<meta property=\"og:description\" content=\"Die Time Machine Le Corbusier in der Villa Le Lac bietet eine immersive AR-Reise, die die Besucher mit den innovativen Designs und der Geschichte des Architekten vertraut macht.\" \/>\n<meta property=\"og:url\" content=\"https:\/\/www.immensive.com\/de\/immensive-portfolio\/time-machine-villa-le-lac-le-corbusier\/\" \/>\n<meta property=\"og:site_name\" content=\"Immensive\" \/>\n<meta property=\"article:publisher\" content=\"https:\/\/www.facebook.com\/Immensive\" \/>\n<meta property=\"article:modified_time\" content=\"2025-09-12T16:06:41+00:00\" \/>\n<meta property=\"og:image\" content=\"https:\/\/www.immensive.com\/wp-content\/uploads\/2022\/08\/Corbusier.jpg\" \/>\n\t<meta property=\"og:image:width\" content=\"1024\" \/>\n\t<meta property=\"og:image:height\" content=\"573\" \/>\n\t<meta property=\"og:image:type\" content=\"image\/jpeg\" \/>\n<meta name=\"twitter:card\" content=\"summary_large_image\" \/>\n<meta name=\"twitter:site\" content=\"@immensive_sa\" \/>\n<meta name=\"twitter:label1\" content=\"Gesch\u00e4tzte Lesezeit\" \/>\n\t<meta name=\"twitter:data1\" content=\"4\u00a0Minuten\" \/>\n<script type=\"application\/ld+json\" class=\"yoast-schema-graph\">{\"@context\":\"https:\\\/\\\/schema.org\",\"@graph\":[{\"@type\":\"WebPage\",\"@id\":\"https:\\\/\\\/www.immensive.com\\\/de\\\/immensive-portfolio\\\/time-machine-villa-le-lac-le-corbusier\\\/\",\"url\":\"https:\\\/\\\/www.immensive.com\\\/de\\\/immensive-portfolio\\\/time-machine-villa-le-lac-le-corbusier\\\/\",\"name\":\"Time Machine - Villa \u00ab Le Lac \u00bb Le Corbusier - Immensive\",\"isPartOf\":{\"@id\":\"https:\\\/\\\/www.immensive.com\\\/de\\\/#website\"},\"primaryImageOfPage\":{\"@id\":\"https:\\\/\\\/www.immensive.com\\\/de\\\/immensive-portfolio\\\/time-machine-villa-le-lac-le-corbusier\\\/#primaryimage\"},\"image\":{\"@id\":\"https:\\\/\\\/www.immensive.com\\\/de\\\/immensive-portfolio\\\/time-machine-villa-le-lac-le-corbusier\\\/#primaryimage\"},\"thumbnailUrl\":\"https:\\\/\\\/www.immensive.com\\\/wp-content\\\/uploads\\\/2022\\\/08\\\/Corbusier.jpg\",\"datePublished\":\"2022-08-30T09:36:47+00:00\",\"dateModified\":\"2025-09-12T16:06:41+00:00\",\"description\":\"Die Time Machine Le Corbusier in der Villa Le Lac bietet eine immersive AR-Reise, die die Besucher mit den innovativen Designs und der Geschichte des Architekten vertraut macht.\",\"breadcrumb\":{\"@id\":\"https:\\\/\\\/www.immensive.com\\\/de\\\/immensive-portfolio\\\/time-machine-villa-le-lac-le-corbusier\\\/#breadcrumb\"},\"inLanguage\":\"de\",\"potentialAction\":[{\"@type\":\"ReadAction\",\"target\":[\"https:\\\/\\\/www.immensive.com\\\/de\\\/immensive-portfolio\\\/time-machine-villa-le-lac-le-corbusier\\\/\"]}]},{\"@type\":\"ImageObject\",\"inLanguage\":\"de\",\"@id\":\"https:\\\/\\\/www.immensive.com\\\/de\\\/immensive-portfolio\\\/time-machine-villa-le-lac-le-corbusier\\\/#primaryimage\",\"url\":\"https:\\\/\\\/www.immensive.com\\\/wp-content\\\/uploads\\\/2022\\\/08\\\/Corbusier.jpg\",\"contentUrl\":\"https:\\\/\\\/www.immensive.com\\\/wp-content\\\/uploads\\\/2022\\\/08\\\/Corbusier.jpg\",\"width\":1024,\"height\":573},{\"@type\":\"BreadcrumbList\",\"@id\":\"https:\\\/\\\/www.immensive.com\\\/de\\\/immensive-portfolio\\\/time-machine-villa-le-lac-le-corbusier\\\/#breadcrumb\",\"itemListElement\":[{\"@type\":\"ListItem\",\"position\":1,\"name\":\"Home\",\"item\":\"https:\\\/\\\/www.immensive.com\\\/de\\\/\"},{\"@type\":\"ListItem\",\"position\":2,\"name\":\"Portfolio\",\"item\":\"https:\\\/\\\/www.immensive.com\\\/de\\\/immensive-portfolio\\\/\"},{\"@type\":\"ListItem\",\"position\":3,\"name\":\"Time Machine &#8211; Villa \u00ab Le Lac \u00bb Le Corbusier\"}]},{\"@type\":\"WebSite\",\"@id\":\"https:\\\/\\\/www.immensive.com\\\/de\\\/#website\",\"url\":\"https:\\\/\\\/www.immensive.com\\\/de\\\/\",\"name\":\"Immensive\",\"description\":\"Interactive Solutions and Corporate Metaverse\",\"publisher\":{\"@id\":\"https:\\\/\\\/www.immensive.com\\\/de\\\/#organization\"},\"potentialAction\":[{\"@type\":\"SearchAction\",\"target\":{\"@type\":\"EntryPoint\",\"urlTemplate\":\"https:\\\/\\\/www.immensive.com\\\/de\\\/?s={search_term_string}\"},\"query-input\":{\"@type\":\"PropertyValueSpecification\",\"valueRequired\":true,\"valueName\":\"search_term_string\"}}],\"inLanguage\":\"de\"},{\"@type\":\"Organization\",\"@id\":\"https:\\\/\\\/www.immensive.com\\\/de\\\/#organization\",\"name\":\"Immensive SA\",\"url\":\"https:\\\/\\\/www.immensive.com\\\/de\\\/\",\"logo\":{\"@type\":\"ImageObject\",\"inLanguage\":\"de\",\"@id\":\"https:\\\/\\\/www.immensive.com\\\/de\\\/#\\\/schema\\\/logo\\\/image\\\/\",\"url\":\"https:\\\/\\\/www.immensive.com\\\/wp-content\\\/uploads\\\/2024\\\/10\\\/Logo_Standard_Web-1.png\",\"contentUrl\":\"https:\\\/\\\/www.immensive.com\\\/wp-content\\\/uploads\\\/2024\\\/10\\\/Logo_Standard_Web-1.png\",\"width\":982,\"height\":296,\"caption\":\"Immensive SA\"},\"image\":{\"@id\":\"https:\\\/\\\/www.immensive.com\\\/de\\\/#\\\/schema\\\/logo\\\/image\\\/\"},\"sameAs\":[\"https:\\\/\\\/www.facebook.com\\\/Immensive\",\"https:\\\/\\\/x.com\\\/immensive_sa\",\"https:\\\/\\\/www.instagram.com\\\/immensive\\\/\",\"https:\\\/\\\/www.linkedin.com\\\/company\\\/immensive_sa\",\"https:\\\/\\\/www.youtube.com\\\/channel\\\/UCQh4ErJgBoTQ9p2b4F0QmZg\"]}]}<\/script>\n<!-- \/ Yoast SEO plugin. -->","yoast_head_json":{"title":"Time Machine - Villa \u00ab Le Lac \u00bb Le Corbusier - Immensive","description":"Die Time Machine Le Corbusier in der Villa Le Lac bietet eine immersive AR-Reise, die die Besucher mit den innovativen Designs und der Geschichte des Architekten vertraut macht.","robots":{"index":"index","follow":"follow","max-snippet":"max-snippet:-1","max-image-preview":"max-image-preview:large","max-video-preview":"max-video-preview:-1"},"canonical":"https:\/\/www.immensive.com\/de\/immensive-portfolio\/time-machine-villa-le-lac-le-corbusier\/","og_locale":"de_DE","og_type":"article","og_title":"Time Machine - Villa \u00ab Le Lac \u00bb Le Corbusier - Immensive","og_description":"Die Time Machine Le Corbusier in der Villa Le Lac bietet eine immersive AR-Reise, die die Besucher mit den innovativen Designs und der Geschichte des Architekten vertraut macht.","og_url":"https:\/\/www.immensive.com\/de\/immensive-portfolio\/time-machine-villa-le-lac-le-corbusier\/","og_site_name":"Immensive","article_publisher":"https:\/\/www.facebook.com\/Immensive","article_modified_time":"2025-09-12T16:06:41+00:00","og_image":[{"width":1024,"height":573,"url":"https:\/\/www.immensive.com\/wp-content\/uploads\/2022\/08\/Corbusier.jpg","type":"image\/jpeg"}],"twitter_card":"summary_large_image","twitter_site":"@immensive_sa","twitter_misc":{"Gesch\u00e4tzte Lesezeit":"4\u00a0Minuten"},"schema":{"@context":"https:\/\/schema.org","@graph":[{"@type":"WebPage","@id":"https:\/\/www.immensive.com\/de\/immensive-portfolio\/time-machine-villa-le-lac-le-corbusier\/","url":"https:\/\/www.immensive.com\/de\/immensive-portfolio\/time-machine-villa-le-lac-le-corbusier\/","name":"Time Machine - Villa \u00ab Le Lac \u00bb Le Corbusier - Immensive","isPartOf":{"@id":"https:\/\/www.immensive.com\/de\/#website"},"primaryImageOfPage":{"@id":"https:\/\/www.immensive.com\/de\/immensive-portfolio\/time-machine-villa-le-lac-le-corbusier\/#primaryimage"},"image":{"@id":"https:\/\/www.immensive.com\/de\/immensive-portfolio\/time-machine-villa-le-lac-le-corbusier\/#primaryimage"},"thumbnailUrl":"https:\/\/www.immensive.com\/wp-content\/uploads\/2022\/08\/Corbusier.jpg","datePublished":"2022-08-30T09:36:47+00:00","dateModified":"2025-09-12T16:06:41+00:00","description":"Die Time Machine Le Corbusier in der Villa Le Lac bietet eine immersive AR-Reise, die die Besucher mit den innovativen Designs und der Geschichte des Architekten vertraut macht.","breadcrumb":{"@id":"https:\/\/www.immensive.com\/de\/immensive-portfolio\/time-machine-villa-le-lac-le-corbusier\/#breadcrumb"},"inLanguage":"de","potentialAction":[{"@type":"ReadAction","target":["https:\/\/www.immensive.com\/de\/immensive-portfolio\/time-machine-villa-le-lac-le-corbusier\/"]}]},{"@type":"ImageObject","inLanguage":"de","@id":"https:\/\/www.immensive.com\/de\/immensive-portfolio\/time-machine-villa-le-lac-le-corbusier\/#primaryimage","url":"https:\/\/www.immensive.com\/wp-content\/uploads\/2022\/08\/Corbusier.jpg","contentUrl":"https:\/\/www.immensive.com\/wp-content\/uploads\/2022\/08\/Corbusier.jpg","width":1024,"height":573},{"@type":"BreadcrumbList","@id":"https:\/\/www.immensive.com\/de\/immensive-portfolio\/time-machine-villa-le-lac-le-corbusier\/#breadcrumb","itemListElement":[{"@type":"ListItem","position":1,"name":"Home","item":"https:\/\/www.immensive.com\/de\/"},{"@type":"ListItem","position":2,"name":"Portfolio","item":"https:\/\/www.immensive.com\/de\/immensive-portfolio\/"},{"@type":"ListItem","position":3,"name":"Time Machine &#8211; Villa \u00ab Le Lac \u00bb Le Corbusier"}]},{"@type":"WebSite","@id":"https:\/\/www.immensive.com\/de\/#website","url":"https:\/\/www.immensive.com\/de\/","name":"Immensive","description":"Interactive Solutions and Corporate Metaverse","publisher":{"@id":"https:\/\/www.immensive.com\/de\/#organization"},"potentialAction":[{"@type":"SearchAction","target":{"@type":"EntryPoint","urlTemplate":"https:\/\/www.immensive.com\/de\/?s={search_term_string}"},"query-input":{"@type":"PropertyValueSpecification","valueRequired":true,"valueName":"search_term_string"}}],"inLanguage":"de"},{"@type":"Organization","@id":"https:\/\/www.immensive.com\/de\/#organization","name":"Immensive SA","url":"https:\/\/www.immensive.com\/de\/","logo":{"@type":"ImageObject","inLanguage":"de","@id":"https:\/\/www.immensive.com\/de\/#\/schema\/logo\/image\/","url":"https:\/\/www.immensive.com\/wp-content\/uploads\/2024\/10\/Logo_Standard_Web-1.png","contentUrl":"https:\/\/www.immensive.com\/wp-content\/uploads\/2024\/10\/Logo_Standard_Web-1.png","width":982,"height":296,"caption":"Immensive SA"},"image":{"@id":"https:\/\/www.immensive.com\/de\/#\/schema\/logo\/image\/"},"sameAs":["https:\/\/www.facebook.com\/Immensive","https:\/\/x.com\/immensive_sa","https:\/\/www.instagram.com\/immensive\/","https:\/\/www.linkedin.com\/company\/immensive_sa","https:\/\/www.youtube.com\/channel\/UCQh4ErJgBoTQ9p2b4F0QmZg"]}]}},"_links":{"self":[{"href":"https:\/\/www.immensive.com\/de\/wp-json\/wp\/v2\/portfolio\/75569","targetHints":{"allow":["GET"]}}],"collection":[{"href":"https:\/\/www.immensive.com\/de\/wp-json\/wp\/v2\/portfolio"}],"about":[{"href":"https:\/\/www.immensive.com\/de\/wp-json\/wp\/v2\/types\/portfolio"}],"author":[{"embeddable":true,"href":"https:\/\/www.immensive.com\/de\/wp-json\/wp\/v2\/users\/7"}],"replies":[{"embeddable":true,"href":"https:\/\/www.immensive.com\/de\/wp-json\/wp\/v2\/comments?post=75569"}],"version-history":[{"count":6,"href":"https:\/\/www.immensive.com\/de\/wp-json\/wp\/v2\/portfolio\/75569\/revisions"}],"predecessor-version":[{"id":147639,"href":"https:\/\/www.immensive.com\/de\/wp-json\/wp\/v2\/portfolio\/75569\/revisions\/147639"}],"wp:featuredmedia":[{"embeddable":true,"href":"https:\/\/www.immensive.com\/de\/wp-json\/wp\/v2\/media\/147632"}],"wp:attachment":[{"href":"https:\/\/www.immensive.com\/de\/wp-json\/wp\/v2\/media?parent=75569"}],"wp:term":[{"taxonomy":"portfolio_category","embeddable":true,"href":"https:\/\/www.immensive.com\/de\/wp-json\/wp\/v2\/portfolio_category?post=75569"}],"curies":[{"name":"wp","href":"https:\/\/api.w.org\/{rel}","templated":true}]}}